{"id":127,"date":"2024-03-21T15:19:55","date_gmt":"2024-03-21T14:19:55","guid":{"rendered":"http:\/\/wordpress.p664698.webspaceconfig.de\/?page_id=127"},"modified":"2026-05-15T16:51:00","modified_gmt":"2026-05-15T14:51:00","slug":"geschichte","status":"publish","type":"page","link":"https:\/\/gruene-idstein.de\/index.php\/geschichte\/","title":{"rendered":"Geschichte"},"content":{"rendered":"\n<h1 class=\"wp-block-heading has-klee-700-color has-text-color has-link-color wp-elements-1\">\u00dcber 45 Jahre Gr\u00fcne in Idstein<\/h1>\n\n\n\n<h2 class=\"wp-block-heading has-grashalm-color has-text-color has-link-color wp-elements-2\">\u2026 und 40 Jahre Gr\u00fcne in Idsteiner Gremien<\/h2>\n\n\n\n<div style=\"height:31px\" aria-hidden=\"true\" class=\"wp-block-spacer\"><\/div>\n\n\n\n<p class=\"has-medium-font-size wp-block-paragraph\">Wer h\u00e4tte das in den Anfangsjahren f\u00fcr m\u00f6glich gehalten \u2013 seit \u00fcber 45 Jahren gibt es die GR\u00dcNEN Idstein und seit \u00fcber 40 Jahren, also der Kommunalwahl 1985, sind Mandatstr\u00e4gerInnen der GR\u00dcNEN in den Idsteiner Gremien vertreten.<\/p>\n\n\n\n<div style=\"height:31px\" aria-hidden=\"true\" class=\"wp-block-spacer\"><\/div>\n\n\n\n<div class=\"wp-block-media-text is-stacked-on-mobile is-vertically-aligned-bottom\" style=\"grid-template-columns:69% auto\"><figure class=\"wp-block-media-text__media\"><img loading=\"lazy\" decoding=\"async\" width=\"1024\" height=\"678\" src=\"http:\/\/wordpress.p664698.webspaceconfig.de\/wp-content\/uploads\/2024\/03\/1987-wahlkampf-1024x678.jpg\" alt=\"\" class=\"wp-image-157 size-full\" srcset=\"https:\/\/gruene-idstein.de\/wp-content\/uploads\/2024\/03\/1987-wahlkampf-1024x678.jpg 1024w, https:\/\/gruene-idstein.de\/wp-content\/uploads\/2024\/03\/1987-wahlkampf-300x199.jpg 300w, https:\/\/gruene-idstein.de\/wp-content\/uploads\/2024\/03\/1987-wahlkampf-768x508.jpg 768w, https:\/\/gruene-idstein.de\/wp-content\/uploads\/2024\/03\/1987-wahlkampf.jpg 1200w\" sizes=\"auto, (max-width: 1024px) 100vw, 1024px\" \/><\/figure><div class=\"wp-block-media-text__content\">\n<p class=\"has-small-font-size wp-block-paragraph\">Wahlkampf 1987 mit handgeschriebenen Plakaten<\/p>\n<\/div><\/div>\n\n\n\n<div style=\"height:31px\" aria-hidden=\"true\" class=\"wp-block-spacer\"><\/div>\n\n\n\n<div class=\"wp-block-sunflower-accordion\"><div class=\"accordion-item\"><h4 class=\"accordion-header\"><button class=\"accordion-button collapsed\" type=\"button\" data-bs-toggle=\"collapse\" data-bs-target=\"#sacc-f393f19d-52bd-4969-b118-e69434576358\" aria-expanded=\"false\" aria-controls=\"sacc-f393f19d-52bd-4969-b118-e69434576358\" id=\"saccid-f393f19d-52bd-4969-b118-e69434576358\">1980<\/button><\/h4><div id=\"sacc-f393f19d-52bd-4969-b118-e69434576358\" role=\"region\" class=\"accordion-collapse collapse\" aria-labelledby=\"saccid-f393f19d-52bd-4969-b118-e69434576358\"><div class=\"accordion-body\"><p class=\"sunflower-accordion\"><br>Im&nbsp;<strong>Jahr 1980&nbsp;<\/strong>begann mit der Gr\u00fcndung des Ortsverbandes die politische Existenz der GR\u00dcNEN Idstein, ausgel\u00f6st durch den bundesweiten Trend, alternative und \u00f6kologische Einflussnahme in der Politik aufzubauen. Nachdem der erste Versuch bei der Kommunalwahl 1981 noch an der 5-Prozent-H\u00fcrde scheiterte, versuchten nun die GR\u00dcNEN bis 1985, die Idsteiner B\u00fcrger zu \u00f6kologischen und ortsbezogenen Problemen zu sensibilisieren, wie z.B. Idsteiner Wachstum, Innenstadtentlastung vom Kfz-Verkehr, \u00f6kologischem Land- und Gartenbau, Bleibelastung durch Batterien-Herstellung in Idstein, Verbraucherberatung, gegen Atomkraftnutzung, f\u00fcr Integration der Ausl\u00e4nder und vieles mehr.<br><br>\u201eDamals im Jahr 1980, als die Idsteiner GR\u00dcNEN gegr\u00fcndet wurden, sahen es die bedauerlicherweise schon verstorbene&nbsp;<strong>Liesel Marx<\/strong>&nbsp;und andere Gr\u00fcndungsmitglieder als zwingend notwendig an, in Idstein eine kritische, \u00f6kologisch orientierte Kraft als Vertretung der mit der konservativen Politik der Idsteiner Gremien unzufriedenen B\u00fcrger ins Leben zu rufen\u201c, erinnert sich das Idsteiner GR\u00dcNEN-Urgestein&nbsp;<strong>Gert Richter<\/strong>, der seit September 1985 dabei ist.<\/p><\/div><\/div><\/div><\/div>\n\n\n\n<div class=\"wp-block-sunflower-accordion\"><div class=\"accordion-item\"><h4 class=\"accordion-header\"><button class=\"accordion-button collapsed\" type=\"button\" data-bs-toggle=\"collapse\" data-bs-target=\"#sacc-cab49470-4eff-4141-a5e9-db944327b113\" aria-expanded=\"false\" aria-controls=\"sacc-cab49470-4eff-4141-a5e9-db944327b113\" id=\"saccid-cab49470-4eff-4141-a5e9-db944327b113\">Kommunalwahl 1985<\/button><\/h4><div id=\"sacc-cab49470-4eff-4141-a5e9-db944327b113\" role=\"region\" class=\"accordion-collapse collapse\" aria-labelledby=\"saccid-cab49470-4eff-4141-a5e9-db944327b113\"><div class=\"accordion-body\"><p class=\"sunflower-accordion\">Die&nbsp;<strong>Kommunalwahl 1985<\/strong>&nbsp;brachte dann den Durchbruch mit&nbsp;<strong>7,8%<\/strong>&nbsp;der W\u00e4hlerstimmen, drei Sitzen in der Stadtverordnetenversammlung und einem Sitz im Magistrat. \u201eWir hatten es nun geschafft und konnten versuchen, mitzugestalten\u201c, so Gert Richter, \u201ees ging dann aber gleich heftig zur Sache, denn wir GR\u00dcNEN waren nicht willkommen in den Gremien und man wollte uns schnell wieder loswerden. Wir legten stets sehr kritisch den Finger in die politischen Wunden und begannen aktiv, \u00f6kologische und sozialverantwortliche Ziele zu vertreten.\u201c <br><br>Anfangs mussten harte Brocken geschluckt werden und die GR\u00dcNEN bekamen nur Ablehnung und Konfrontation zu sp\u00fcren. Parallel wurde im Ortsverband und in den Gremien in Idstein intensiv gearbeitet und viele Themen aufgegriffen, u.a. Wald- und Natursterben, M\u00fclltrennung, verantwortungs\u00advoller Umgang mit Wasser, Energiesparen oder behutsames und \u00f6kologisch orientiertes Wachstum der Stadt. Zu Themen wie Kinderbetreuung, Frauenf\u00f6rderung, Integration von Ausl\u00e4ndern, Wohnen, Stra\u00dfenverkehr und vielem mehr wurden neue und fortschrittliche L\u00f6sungen vorgeschlagen.<br><br>\u201eWir hatten Visionen und wollten einfach die gesamte Politik neu durchdenken und \u00f6kologisch zukunftsorientiert vorgehen, nicht die Fehler der bisherigen Politik fortsetzen\u201c, erinnert sich Gert Richter. \u201eEs war eine interessante, aber harte Zeit, trotzdem hatten wir neben der vielen Arbeit oft Spa\u00df und einen guten Zusammenhalt.\u201c Viele umfangreiche, politisch wichtige Themen und Aktionen bestimmten die GR\u00dcNEN-Politik auch in Idstein: die atomare Verseuchung durch den Reaktorunfall von Tschernobyl 1986, damit der Kampf f\u00fcr eine zuk\u00fcnftige Energieversorgung ohne&nbsp;&nbsp;Atomkraftnutzung, das Engagement gegen die Volksz\u00e4hlung 1987, eine Ausstellung zum Thema \u201eneues Bewusstsein im Umgang mit Abfall\u201c in 1986, ein erster \u00d6komarkt 1988 in der Stadthalle Idstein, die Gr\u00fcndung einer Verbraucherinitiative, diverse Wahlk\u00e4mpfe \u2013 es gab stets sehr viel zu tun, um Neues zu bewegen.<\/p><\/div><\/div><\/div><\/div>\n\n\n\n<div class=\"wp-block-sunflower-accordion\"><div class=\"accordion-item\"><h4 class=\"accordion-header\"><button class=\"accordion-button collapsed\" type=\"button\" data-bs-toggle=\"collapse\" data-bs-target=\"#sacc-6c4e1d3c-2c61-451e-b258-37360d3ed501\" aria-expanded=\"false\" aria-controls=\"sacc-6c4e1d3c-2c61-451e-b258-37360d3ed501\" id=\"saccid-6c4e1d3c-2c61-451e-b258-37360d3ed501\">Kommunalwahl 1989<\/button><\/h4><div id=\"sacc-6c4e1d3c-2c61-451e-b258-37360d3ed501\" role=\"region\" class=\"accordion-collapse collapse\" aria-labelledby=\"saccid-6c4e1d3c-2c61-451e-b258-37360d3ed501\"><div class=\"accordion-body\"><p class=\"sunflower-accordion\">Obwohl das \u201eAm-Ball-Bleiben\u201c oft sehr zeitraubend und stressig war, konnten die GR\u00dcNEN dann zur&nbsp;<strong>Kommunalwahl 1989<\/strong>&nbsp;beachtliche Erfolge aufweisen, was ihnen&nbsp;<strong>10,8%<\/strong>&nbsp;der W\u00e4hlerstimmen und vier Sitze in der Stadtverordnetenversammlung sowie erneut einen Sitz im Magistrat brachte \u2013 ein wichtiger Erfolg. Die GR\u00dcNEN waren damit ein fester, kritischer, wachsender Bestandteil der Idsteiner Politik geworden. Zu nahezu jeder Ausschussrunde wurden mehrere Antr\u00e4ge der GR\u00dcNEN eingebracht, mussten diskutiert und abgestimmt werden. \u201eWir verstanden uns als Sprachrohr der bisher unbeachteten, kritischen B\u00fcrgerInnen und wollten mehr als nur verwalten\u201c, erinnert sich Gert Richter. \u201eEs musste ja eine neue, lebenswerte Zukunft gestaltet werden \u2013 und wir versuchten es in allen Bereichen.\u201c Die konservative Mehrheit der Gremien musste sich nun permanent mit kritischen, \u00f6kologischen und sozialpolitischen Problemen auseinandersetzen und konnte sich nur noch schwer, z.B. mit Antr\u00e4gen zur Gesch\u00e4ftsordnung, entziehen.<\/p><\/div><\/div><\/div><\/div>\n\n\n\n<div class=\"wp-block-sunflower-accordion\"><div class=\"accordion-item\"><h4 class=\"accordion-header\"><button class=\"accordion-button collapsed\" type=\"button\" data-bs-toggle=\"collapse\" data-bs-target=\"#sacc-116f956f-edfa-488d-a9ef-b661f53a99e9\" aria-expanded=\"false\" aria-controls=\"sacc-116f956f-edfa-488d-a9ef-b661f53a99e9\" id=\"saccid-116f956f-edfa-488d-a9ef-b661f53a99e9\">Kommunalwahlkampf 1993<\/button><\/h4><div id=\"sacc-116f956f-edfa-488d-a9ef-b661f53a99e9\" role=\"region\" class=\"accordion-collapse collapse\" aria-labelledby=\"saccid-116f956f-edfa-488d-a9ef-b661f53a99e9\"><div class=\"accordion-body\"><p class=\"sunflower-accordion\">Im&nbsp;<strong>Kommunalwahlkampf 1993<\/strong>&nbsp;gelang es den GR\u00dcNEN mit&nbsp;<strong>9,3%<\/strong>&nbsp;der W\u00e4hlerstimmen, trotz des Einzugs der FWG ihre vier Sitze in der Stadtverordnetenversammlung zu behaupten \u2013 alle anderen Fraktionen verloren Sitze an die FWG. Dies best\u00e4tigte erneut die Notwendigkeit und Wertsch\u00e4tzung der politischen Inhalte der GR\u00dcNEN-Politik in Idstein. Weiter wurde mit der Entwicklung von Antr\u00e4gen, Anfragen und Konzepten an den Visionen und damit verbundenen Zielen gearbeitet. Wichtig war es f\u00fcr die GR\u00dcNEN immer, gen\u00fcgend Raum f\u00fcr private, freundschaftliche Aktivit\u00e4ten zu haben, um nicht im Wust der politischen Verpflichtungen unterzugehen.<\/p><\/div><\/div><\/div><\/div>\n\n\n\n<div class=\"wp-block-sunflower-accordion\"><div class=\"accordion-item\"><h4 class=\"accordion-header\"><button class=\"accordion-button collapsed\" type=\"button\" data-bs-toggle=\"collapse\" data-bs-target=\"#sacc-914e6737-9ee1-4ec4-8121-fd3cc0626d9a\" aria-expanded=\"false\" aria-controls=\"sacc-914e6737-9ee1-4ec4-8121-fd3cc0626d9a\" id=\"saccid-914e6737-9ee1-4ec4-8121-fd3cc0626d9a\">1997<\/button><\/h4><div id=\"sacc-914e6737-9ee1-4ec4-8121-fd3cc0626d9a\" role=\"region\" class=\"accordion-collapse collapse\" aria-labelledby=\"saccid-914e6737-9ee1-4ec4-8121-fd3cc0626d9a\"><div class=\"accordion-body\"><p class=\"sunflower-accordion\">Auch bei der Kommunalwahl&nbsp;<strong>1997<\/strong>&nbsp;gelang es ihnen mit&nbsp;<strong>9,8%&nbsp;<\/strong>der W\u00e4hlerstimmen, ihre vier Sitze zu behalten. Sie blieben damit unverzichtbar und das Sprachrohr der B\u00fcrgerInnen f\u00fcr eine zukunftsorientierte Politik. Ein stets wichtiges Thema f\u00fcr die GR\u00dcNEN war der Ausstieg aus der unbeherrschbaren Atomkraftnutzung und die Versorgung der Bev\u00f6lkerung mit perspektivisch 100 % regenerativen Energien. Auch deshalb veranstalteten sie ab 1996 j\u00e4hrlich bis 2011 ein Tschernobyl-Benefizkonzert f\u00fcr die Strahlenopfer in der Ukraine und Wei\u00dfrussland zusammen mit den Teams des Nassauer Hofs und der Scheuer, den Kirchen und anderen Organisationen.<\/p><\/div><\/div><\/div><\/div>\n\n\n\n<div class=\"wp-block-sunflower-accordion\"><div class=\"accordion-item\"><h4 class=\"accordion-header\"><button class=\"accordion-button collapsed\" type=\"button\" data-bs-toggle=\"collapse\" data-bs-target=\"#sacc-4ab9aa1c-b48c-4325-978e-cea0a8e457b4\" aria-expanded=\"false\" aria-controls=\"sacc-4ab9aa1c-b48c-4325-978e-cea0a8e457b4\" id=\"saccid-4ab9aa1c-b48c-4325-978e-cea0a8e457b4\">Kommunalwahlen 2001 und 2006<\/button><\/h4><div id=\"sacc-4ab9aa1c-b48c-4325-978e-cea0a8e457b4\" role=\"region\" class=\"accordion-collapse collapse\" aria-labelledby=\"saccid-4ab9aa1c-b48c-4325-978e-cea0a8e457b4\"><div class=\"accordion-body\"><p class=\"sunflower-accordion\">Trotz weiterhin konzentrierten politischen Arbeitens brachten die&nbsp;<strong>Kommunalwahlen 2001 und 2006<\/strong>&nbsp;keine Steigerungen der Ergebnisse f\u00fcr die Idsteiner GR\u00dcNEN mit nur&nbsp;<strong>8,8 und 9,1%&nbsp;<\/strong>und jeweils nur noch drei Sitzen in der Stadtverordnetenversammlung sowie einem Sitz im Magistrat.<\/p><\/div><\/div><\/div><\/div>\n\n\n\n<div class=\"wp-block-sunflower-accordion\"><div class=\"accordion-item\"><h4 class=\"accordion-header\"><button class=\"accordion-button collapsed\" type=\"button\" data-bs-toggle=\"collapse\" data-bs-target=\"#sacc-2a7e0123-83e2-4d22-b58b-fe424070c4fc\" aria-expanded=\"false\" aria-controls=\"sacc-2a7e0123-83e2-4d22-b58b-fe424070c4fc\" id=\"saccid-2a7e0123-83e2-4d22-b58b-fe424070c4fc\">Kommunalwahl 2011<\/button><\/h4><div id=\"sacc-2a7e0123-83e2-4d22-b58b-fe424070c4fc\" role=\"region\" class=\"accordion-collapse collapse\" aria-labelledby=\"saccid-2a7e0123-83e2-4d22-b58b-fe424070c4fc\"><div class=\"accordion-body\"><p class=\"sunflower-accordion\">Mit der&nbsp;<strong>Kommunalwahl 2011<\/strong>&nbsp;erfolgte dann, kurz nach der schrecklichen Atomreaktor-Katastrophe in Fukushima\/Japan die Sensation: Die GR\u00dcNEN Idstein erhielten&nbsp;<strong>18,7%<\/strong>&nbsp;der W\u00e4hlerstimmen, sieben Sitze in der Stadtverordnetenversammlung und diesmal zwei Sitze im Magistrat \u2013 fast jede f\u00fcnfte W\u00e4hlerIn in Idstein stimmte f\u00fcr die GR\u00dcNEN! Die W\u00e4hlerInnen in Idstein hatten die Vision der GR\u00dcNEN f\u00fcr eine sichere, lebenswerte Zukunft honoriert. Dies spornte die erfolgreichen GR\u00dcNEN KandidatInnen nun erst recht an, noch intensiver f\u00fcr eine \u00f6kologische, soziale und zukunftsorientierte Politik in Idstein einzutreten und die Gremien davon zu \u00fcberzeugen.<\/p><\/div><\/div><\/div><\/div>\n\n\n\n<div class=\"wp-block-sunflower-accordion\"><div class=\"accordion-item\"><h4 class=\"accordion-header\"><button class=\"accordion-button collapsed\" type=\"button\" data-bs-toggle=\"collapse\" data-bs-target=\"#sacc-f35b0a44-a612-4590-a58a-43241f8c3938\" aria-expanded=\"false\" aria-controls=\"sacc-f35b0a44-a612-4590-a58a-43241f8c3938\" id=\"saccid-f35b0a44-a612-4590-a58a-43241f8c3938\">Kommunalwahl 2016<\/button><\/h4><div id=\"sacc-f35b0a44-a612-4590-a58a-43241f8c3938\" role=\"region\" class=\"accordion-collapse collapse\" aria-labelledby=\"saccid-f35b0a44-a612-4590-a58a-43241f8c3938\"><div class=\"accordion-body\"><p class=\"sunflower-accordion\">Die&nbsp;<strong>Kommunalwahl 2016<\/strong>&nbsp;ergab f\u00fcr die Gr\u00fcnen in Idstein dann \u2013 ohne \u201eFukushima-Effekt\u201c \u2013 trotzdem noch&nbsp;<strong>14,7%<\/strong>&nbsp;und damit f\u00fcnf Sitze in der Stadtverordnetenversammlung, aber rechnerisch wieder zwei Sitze im Magistrat. Durch eine Listenverbindung von CDU und FWG bei der Wahl der Magistratsmitglieder war es diesen m\u00f6glich, einen Sitz der Gr\u00fcnen im Magistrat stattdessen als dritten Sitz f\u00fcr die (nur wenig st\u00e4rkere) FWG zu beanspruchen. \u201eDies war eine zwar bedauerlicherweise legale Entscheidung, aber auch ein heftiger Schlag ins Gesicht der W\u00e4hlerInnen, die eine andere Zusammensetzung des Magistrats mit mehr Beteiligung der Gr\u00fcnen gew\u00e4hlt hatten,\u201c erinnert sich der Gr\u00fcnen-Ortsverbandsvorsitzende Carsten Enge, \u201eaber das motivierte uns nur noch st\u00e4rker, mit Antr\u00e4gen zu beweisen, dass Gr\u00fcne Politik unabdingbar ist f\u00fcr eine gute Zukunft.\u201c Es folgten nun durch die Gr\u00fcnen Mandatstr\u00e4gerInnen in den Gremien regelm\u00e4\u00dfig wichtige Antr\u00e4ge sowie Nachfragen zu wichtigen Themenfeldern wie Umwelt, Energie, Verkehr, Soziales, Finanzen, Gedenkpolitik im Kalmenhof und vielem mehr.<\/p><\/div><\/div><\/div><\/div>\n\n\n\n<div class=\"wp-block-sunflower-accordion\"><div class=\"accordion-item\"><h4 class=\"accordion-header\"><button class=\"accordion-button collapsed\" type=\"button\" data-bs-toggle=\"collapse\" data-bs-target=\"#sacc-25dd1aaf-fc15-4a99-b3b7-9ac468acc016\" aria-expanded=\"false\" aria-controls=\"sacc-25dd1aaf-fc15-4a99-b3b7-9ac468acc016\" id=\"saccid-25dd1aaf-fc15-4a99-b3b7-9ac468acc016\">Kommunalwahl 2021<\/button><\/h4><div id=\"sacc-25dd1aaf-fc15-4a99-b3b7-9ac468acc016\" role=\"region\" class=\"accordion-collapse collapse\" aria-labelledby=\"saccid-25dd1aaf-fc15-4a99-b3b7-9ac468acc016\"><div class=\"accordion-body\"><p class=\"sunflower-accordion\"><strong>Die Kommunalwahl 2021<\/strong> bescherte den Idsteiner GR\u00dcNEN <strong>24,16%. <\/strong>Die GR\u00dcNEN wurden als Garant:innen f\u00fcr eine gute zukunftsorientierte Politik in Idstein&nbsp;zweitst\u00e4rkste Partei. \u201eFr\u00fche Unkenrufe einer schnellen Aufl\u00f6sung der GR\u00dcNEN, weil die anderen Parteien die \u00f6kologischen Ziele der GR\u00dcNEN in Idstein \u00fcbernehmen w\u00fcrden, haben sich bis heute nicht best\u00e4tigt\u201c, fasst nochmal Carsten Enge als langj\u00e4hriges GR\u00dcNEN-Mitglied und erfahrener Mandatstr\u00e4ger zusammen. \u201eIm Gegenteil, die GR\u00dcNEN sind heute ein starkes und wichtiges Zugpferd der Politik in Idstein und auf allen anderen politischen Ebenen. In diesem Sinne besitzen wir auch nach 40 Jahren des Bestehens und 35 Jahren intensiver Mitarbeit in den Idsteiner Gremien noch immer die Ausdauer, unsere politischen und gesellschaftlichen Ziele kontinuierlich zu verfolgen, um eine \u00f6kologische, sozialvertr\u00e4gliche sowie menschen- und umweltschonende Transformation unserer Gesellschaft auch in Idstein zu erreichen.\u201c<br><br>Zudem erhielten die GR\u00dcNEN auch die meisten Stimmen f\u00fcr den Ortsbeirat Idstein-Kern und stellen daher erstmals mit <strong>Dr. Olaf Br\u00fcnger den Ortsvorsteher<\/strong>.<br><\/p><\/div><\/div><\/div><\/div>\n\n\n\n<div class=\"wp-block-sunflower-accordion\"><div class=\"accordion-item\"><h4 class=\"accordion-header\"><button class=\"accordion-button collapsed\" type=\"button\" data-bs-toggle=\"collapse\" data-bs-target=\"#sacc-618a894a-2c60-432c-8c5b-166ae7b467d8\" aria-expanded=\"false\" aria-controls=\"sacc-618a894a-2c60-432c-8c5b-166ae7b467d8\" id=\"saccid-618a894a-2c60-432c-8c5b-166ae7b467d8\">Die Kommunalwahl 2026<\/button><\/h4><div id=\"sacc-618a894a-2c60-432c-8c5b-166ae7b467d8\" role=\"region\" class=\"accordion-collapse collapse\" aria-labelledby=\"saccid-618a894a-2c60-432c-8c5b-166ae7b467d8\"><div class=\"accordion-body\"><p class=\"sunflower-accordion\">Bei der <strong>Kommunalwahl 2026<\/strong> haben die Idsteiner GR\u00dcNEN zwar nicht mehr das herausragende Ergebnis von 2021 erreicht, jedoch gegen\u00fcber der vorausgegangenen Bundestagswahl wieder deutlich zugelegt. 17,92% f\u00fcr die Stadtverordnetenversammlung ist ein ordentliches Ergebnis. Die GR\u00dcNEN ziehen mit acht Stadtverordneten in das Gremium ein und stellen zwei Beigeordnete im Magistrat, darunter den Ersten Stadtrat. Im Ortsbeirat Idstein-Kern sind sie mit drei Mitgliedern zweitst\u00e4rkste Kraft und stellen den stellvertretenden Ortsvorsteher. Auch im Ortsbeirat W\u00f6rsdorf sind sie weiterhin vertreten.<br>Zum Start der Wahlperiode haben die Idsteiner GR\u00dcNEN eine Kooperationsvereinbarung mit der CDU-Fraktion erarbeitet und abgeschlossen, welche ihnen erm\u00f6glicht, viele gr\u00fcne Themen auch tats\u00e4chlich zur Umsetzung zu bringen.<\/p><\/div><\/div><\/div><\/div>\n\n\n\n<p class=\"wp-block-paragraph\"><\/p>\n","protected":false},"excerpt":{"rendered":"<p>\u00dcber 45 Jahre Gr\u00fcne in Idstein \u2026 und 40 Jahre Gr\u00fcne in Idsteiner Gremien Wer h\u00e4tte das in den Anfangsjahren f\u00fcr m\u00f6glich gehalten \u2013 seit \u00fcber 45 Jahren gibt es [&hellip;]<\/p>\n","protected":false},"author":1,"featured_media":0,"parent":0,"menu_order":0,"comment_status":"closed","ping_status":"closed","template":"","meta":{"iawp_total_views":64,"footnotes":""},"class_list":["post-127","page","type-page","status-publish","hentry"],"_links":{"self":[{"href":"https:\/\/gruene-idstein.de\/index.php\/wp-json\/wp\/v2\/pages\/127","targetHints":{"allow":["GET"]}}],"collection":[{"href":"https:\/\/gruene-idstein.de\/index.php\/wp-json\/wp\/v2\/pages"}],"about":[{"href":"https:\/\/gruene-idstein.de\/index.php\/wp-json\/wp\/v2\/types\/page"}],"author":[{"embeddable":true,"href":"https:\/\/gruene-idstein.de\/index.php\/wp-json\/wp\/v2\/users\/1"}],"replies":[{"embeddable":true,"href":"https:\/\/gruene-idstein.de\/index.php\/wp-json\/wp\/v2\/comments?post=127"}],"version-history":[{"count":16,"href":"https:\/\/gruene-idstein.de\/index.php\/wp-json\/wp\/v2\/pages\/127\/revisions"}],"predecessor-version":[{"id":1564,"href":"https:\/\/gruene-idstein.de\/index.php\/wp-json\/wp\/v2\/pages\/127\/revisions\/1564"}],"wp:attachment":[{"href":"https:\/\/gruene-idstein.de\/index.php\/wp-json\/wp\/v2\/media?parent=127"}],"curies":[{"name":"wp","href":"https:\/\/api.w.org\/{rel}","templated":true}]}}