{"id":564,"date":"2024-04-18T14:27:22","date_gmt":"2024-04-18T12:27:22","guid":{"rendered":"http:\/\/wordpress.p664698.webspaceconfig.de\/?page_id=564"},"modified":"2026-02-18T09:20:19","modified_gmt":"2026-02-18T08:20:19","slug":"mobilitaet","status":"publish","type":"page","link":"https:\/\/gruene-idstein.de\/index.php\/mobilitaet\/","title":{"rendered":"Mobilit\u00e4t"},"content":{"rendered":"\n<div class=\"wp-block-group is-layout-constrained wp-block-group-is-layout-constrained\">\n<h2 class=\"wp-block-heading has-grashalm-color has-text-color has-link-color wp-elements-1\"><strong><strong>Mit dem richtigen Mix vorankommen<\/strong><\/strong><\/h2>\n\n\n\n<p class=\"wp-block-paragraph\">Im Zentrum gr\u00fcner Verkehrspolitik steht die St\u00e4rkung umwelt- und klimaschonender Mobilit\u00e4t, also des Umweltverbundes aus Fu\u00df- und Radverkehr sowie Bussen und Bahnen. Bereits jetzt ist absehbar, dass der Verkehr eine tiefgreifende Wende erfahren wird. Klimaschutz, CO2-Belastung, technischer Fortschritt und ein ge\u00e4ndertes Verhalten der Menschen werden dies nachhaltig bef\u00f6rdern.<\/p>\n\n\n\n<p class=\"wp-block-paragraph\">Details findet ihr in unserem <a href=\"https:\/\/gruene-idstein.de\/index.php\/kommunalwahlprogramm-2026\/\" data-type=\"page\" data-id=\"1220\">Kommunalwahlprogramm von 2026<\/a>.<\/p>\n\n\n\n<hr class=\"wp-block-separator has-alpha-channel-opacity\"\/>\n\n\n\n<h2 class=\"wp-block-heading has-grashalm-color has-text-color has-link-color wp-elements-2\">Was in Idstein zum Thema passiert:<\/h2>\n\n\n\n<div style=\"height:40px\" aria-hidden=\"true\" class=\"wp-block-spacer\"><\/div>\n<\/div>\n\n\n<div class=\"has-background latest-posts wp-block-sunflower-latest-posts\">\n        <div class=\"wp-block-group__inner-container\">\n            \n                <div class=\"row\" data-masonry=\"{&quot;percentPosition&quot;: true }\"><div class=\"col-md-6\">\n<article id=\"post-1474\" class=\"bg-white mb-4 has-shadow post-1474 post type-post status-publish format-standard has-post-thumbnail hentry category-allgemein category-antraege category-gleichstellung-und-integration category-historische-verantwortung category-klimaschutz category-kultur-sport-und-freizeit category-mobilitaet category-soziales category-stadtentwicklung category-wirtschaft\">\n\t<div class=\"\">\n\t\t\t\t\t<div class=\"\">\n\t\t\t\t<a href=\"https:\/\/gruene-idstein.de\/index.php\/2026\/02\/24\/gruen-wirkt-in-idstein-wir-ziehen-bilanz\/\" aria-label=\"Post Thumbnail\" rel=\"bookmark\">\n\t\t\t\t\t\t\t\t<img loading=\"lazy\" decoding=\"async\" width=\"768\" height=\"768\" src=\"https:\/\/gruene-idstein.de\/wp-content\/uploads\/2026\/02\/Viel-erreicht-768x768.jpg\" class=\"post-thumbnail wp-post-image\" alt=\"Gr\u00fcn wirkt in Idstein \u2013 wir ziehen Bilanz\" \/>\n\n\t\t\t\t\t\t\t<\/a>\n\t\t\t<\/div>\n\t\t\t\t\t<div class=\"p-45\">\n\t\t\t<header class=\"entry-header mb-2\">\n\t\t\t\t\t\t\t\t<h2 class=\"card-title h4 mb-3\"><a href=\"https:\/\/gruene-idstein.de\/index.php\/2026\/02\/24\/gruen-wirkt-in-idstein-wir-ziehen-bilanz\/\" rel=\"bookmark\">Gr\u00fcn wirkt in Idstein &#8211; wir ziehen Bilanz<\/a><\/h2>\t\t\t\t\t<div class=\"entry-meta mb-3\">\n\t\t\t\t\t\t<span class=\"posted-on\"><time class=\"entry-date published updated\" datetime=\"2026-02-24T15:59:22+01:00\">24. Februar 2026<\/time><\/span>\t\t\t\t\t<\/div><!-- .entry-meta -->\n\t\t\t\t\t\t\t\t<\/header><!-- .entry-header -->\n\n\t\t\t<div class=\"entry-content\">\n\t\t\t\t<a href=\"https:\/\/gruene-idstein.de\/index.php\/2026\/02\/24\/gruen-wirkt-in-idstein-wir-ziehen-bilanz\/\" rel=\"bookmark\">\n\t\t\t\t<p>Wir haben unsere Mandate in der Stadtverordnetenversammlung, im Magistrat sowie in den Ortsbeir\u00e4ten Idstein-Kern und W\u00f6rsdorf zum Wohle Idsteins genutzt. Von \u00fcber 70 Antr\u00e4gen wurde der weit \u00fcberwiegende Teil von [&hellip;]<\/p>\n\t\t\t\t<\/a>\n\t\t\t<\/div><!-- .entry-content -->\n\n\t\t\t<footer class=\"entry-footer\">\n\t\t\t\t\t\t\t<div class=\"d-flex mt-2 mb-2\">\n\t\t\t\t\t\t\t\t<div>\n\t\t<span class=\"cat-links small\"><a href=\"https:\/\/gruene-idstein.de\/index.php\/category\/allgemein\/\" rel=\"category tag\">Allgemein<\/a>, <a href=\"https:\/\/gruene-idstein.de\/index.php\/category\/antraege\/\" rel=\"category tag\">Antr\u00e4ge<\/a>, <a href=\"https:\/\/gruene-idstein.de\/index.php\/category\/themen\/gleichstellung-und-integration\/\" rel=\"category tag\">Gleichstellung und Integration<\/a>, <a href=\"https:\/\/gruene-idstein.de\/index.php\/category\/themen\/historische-verantwortung\/\" rel=\"category tag\">Historische Verantwortung<\/a>, <a href=\"https:\/\/gruene-idstein.de\/index.php\/category\/themen\/klimaschutz\/\" rel=\"category tag\">Klimaschutz<\/a>, <a href=\"https:\/\/gruene-idstein.de\/index.php\/category\/themen\/kultur-sport-und-freizeit\/\" rel=\"category tag\">Kultur, Sport und Freizeit<\/a>, <a href=\"https:\/\/gruene-idstein.de\/index.php\/category\/themen\/mobilitaet\/\" rel=\"category tag\">Mobilit\u00e4t<\/a>, <a href=\"https:\/\/gruene-idstein.de\/index.php\/category\/themen\/soziales\/\" rel=\"category tag\">Soziales<\/a>, <a href=\"https:\/\/gruene-idstein.de\/index.php\/category\/themen\/stadtentwicklung\/\" rel=\"category tag\">Stadtentwicklung<\/a>, <a href=\"https:\/\/gruene-idstein.de\/index.php\/category\/themen\/wirtschaft\/\" rel=\"category tag\">Wirtschaft<\/a><\/span>\n\t\t\t\t<\/div>\n\t\t\t<\/div>\n\t\t\n\t\t\t\t<div class=\"d-flex flex-row-reverse\">\n\t\t\t\t\t<a href=\"https:\/\/gruene-idstein.de\/index.php\/2026\/02\/24\/gruen-wirkt-in-idstein-wir-ziehen-bilanz\/\" rel=\"bookmark\" class=\"continue-reading\">\n\t\t\t\t\tweiterlesen\t\t\t\t<\/a>\n\t\t\t\t<\/div>\n\t\t\t<\/footer><!-- .entry-footer -->\n\t\t<\/div>\n\t<\/div>\n<\/article><!-- #post-1474 -->\n<\/div><div class=\"col-md-6\">\n<article id=\"post-1162\" class=\"bg-white mb-4 has-shadow post-1162 post type-post status-publish format-standard has-post-thumbnail hentry category-mobilitaet\">\n\t<div class=\"\">\n\t\t\t\t\t<div class=\"\">\n\t\t\t\t<a href=\"https:\/\/gruene-idstein.de\/index.php\/2025\/11\/10\/mit-tempo-30-auf-dem-richtigen-weg\/\" aria-label=\"Post Thumbnail\" rel=\"bookmark\">\n\t\t\t\t\t\t\t\t<img loading=\"lazy\" decoding=\"async\" width=\"768\" height=\"766\" src=\"https:\/\/gruene-idstein.de\/wp-content\/uploads\/2025\/11\/20251030_110414-e1762757561334-768x766.jpg\" class=\"post-thumbnail wp-post-image\" alt=\"Mit Tempo 30 auf dem richtigen Weg\" \/>\n\n\t\t\t\t\t\t\t<\/a>\n\t\t\t<\/div>\n\t\t\t\t\t<div class=\"p-45\">\n\t\t\t<header class=\"entry-header mb-2\">\n\t\t\t\t\t\t\t\t<h2 class=\"card-title h4 mb-3\"><a href=\"https:\/\/gruene-idstein.de\/index.php\/2025\/11\/10\/mit-tempo-30-auf-dem-richtigen-weg\/\" rel=\"bookmark\">Mit Tempo 30 auf dem richtigen Weg<\/a><\/h2>\t\t\t\t\t<div class=\"entry-meta mb-3\">\n\t\t\t\t\t\t<span class=\"posted-on\"><time class=\"entry-date published\" datetime=\"2025-11-10T07:53:12+01:00\">10. November 2025<\/time><time class=\"updated\" datetime=\"2025-11-10T07:55:48+01:00\">10. November 2025<\/time><\/span>\t\t\t\t\t<\/div><!-- .entry-meta -->\n\t\t\t\t\t\t\t\t<\/header><!-- .entry-header -->\n\n\t\t\t<div class=\"entry-content\">\n\t\t\t\t<a href=\"https:\/\/gruene-idstein.de\/index.php\/2025\/11\/10\/mit-tempo-30-auf-dem-richtigen-weg\/\" rel=\"bookmark\">\n\t\t\t\t<p>In Idstein gilt auf der Wiesbadener Stra\u00dfe, der Limburger Stra\u00dfe und von 7 bis 17 Uhr auf der Stra\u00dfe &#8222;Am Hexenturm&#8220; jetzt Tempo 30. Das war wegen des starken Verkehrs [&hellip;]<\/p>\n\t\t\t\t<\/a>\n\t\t\t<\/div><!-- .entry-content -->\n\n\t\t\t<footer class=\"entry-footer\">\n\t\t\t\t\t\t\t<div class=\"d-flex mt-2 mb-2\">\n\t\t\t\t\t\t\t\t<div>\n\t\t<span class=\"cat-links small\"><a href=\"https:\/\/gruene-idstein.de\/index.php\/category\/themen\/mobilitaet\/\" rel=\"category tag\">Mobilit\u00e4t<\/a><\/span>\n\t\t\t\t<\/div>\n\t\t\t<\/div>\n\t\t\n\t\t\t\t<div class=\"d-flex flex-row-reverse\">\n\t\t\t\t\t<a href=\"https:\/\/gruene-idstein.de\/index.php\/2025\/11\/10\/mit-tempo-30-auf-dem-richtigen-weg\/\" rel=\"bookmark\" class=\"continue-reading\">\n\t\t\t\t\tweiterlesen\t\t\t\t<\/a>\n\t\t\t\t<\/div>\n\t\t\t<\/footer><!-- .entry-footer -->\n\t\t<\/div>\n\t<\/div>\n<\/article><!-- #post-1162 -->\n<\/div><div class=\"col-md-6\">\n<article id=\"post-1069\" class=\"bg-white mb-4 has-shadow post-1069 post type-post status-publish format-standard has-post-thumbnail hentry category-allgemein category-mobilitaet\">\n\t<div class=\"\">\n\t\t\t\t\t<div class=\"\">\n\t\t\t\t<a href=\"https:\/\/gruene-idstein.de\/index.php\/2025\/03\/28\/aktion-stadtradeln-jetzt-mitmachen\/\" aria-label=\"Post Thumbnail\" rel=\"bookmark\">\n\t\t\t\t\t\t\t\t<img loading=\"lazy\" decoding=\"async\" width=\"768\" height=\"432\" src=\"https:\/\/gruene-idstein.de\/wp-content\/uploads\/2025\/03\/ZuHause22_538_ZCO_DSC_0652-768x432.jpg\" class=\"post-thumbnail wp-post-image\" alt=\"Aktion STADTRADELN \u2013 jetzt mitmachen\" \/>\n\n\t\t\t\t\t\t\t<\/a>\n\t\t\t<\/div>\n\t\t\t\t\t<div class=\"p-45\">\n\t\t\t<header class=\"entry-header mb-2\">\n\t\t\t\t <div class=\"roofline mb-1\">Verkehrswende in Idstein<\/div>\t\t\t\t<h2 class=\"card-title h4 mb-3\"><a href=\"https:\/\/gruene-idstein.de\/index.php\/2025\/03\/28\/aktion-stadtradeln-jetzt-mitmachen\/\" rel=\"bookmark\">Aktion STADTRADELN &#8211; jetzt mitmachen<\/a><\/h2>\t\t\t\t\t<div class=\"entry-meta mb-3\">\n\t\t\t\t\t\t<span class=\"posted-on\"><time class=\"entry-date published updated\" datetime=\"2025-03-28T08:47:21+01:00\">28. M\u00e4rz 2025<\/time><\/span>\t\t\t\t\t<\/div><!-- .entry-meta -->\n\t\t\t\t\t\t\t\t<\/header><!-- .entry-header -->\n\n\t\t\t<div class=\"entry-content\">\n\t\t\t\t<a href=\"https:\/\/gruene-idstein.de\/index.php\/2025\/03\/28\/aktion-stadtradeln-jetzt-mitmachen\/\" rel=\"bookmark\">\n\t\t\t\t<p>Idstein beteiligt sich auch 2025 an der Kampagne STADTRADELN des Klima-B\u00fcndnis Services. Vom 16. Juni bis zum 6. Juli geht es wieder darum, kr\u00e4ftig in die Pedale zu treten und [&hellip;]<\/p>\n\t\t\t\t<\/a>\n\t\t\t<\/div><!-- .entry-content -->\n\n\t\t\t<footer class=\"entry-footer\">\n\t\t\t\t\t\t\t<div class=\"d-flex mt-2 mb-2\">\n\t\t\t\t\t\t\t\t<div>\n\t\t<span class=\"cat-links small\"><a href=\"https:\/\/gruene-idstein.de\/index.php\/category\/allgemein\/\" rel=\"category tag\">Allgemein<\/a>, <a href=\"https:\/\/gruene-idstein.de\/index.php\/category\/themen\/mobilitaet\/\" rel=\"category tag\">Mobilit\u00e4t<\/a><\/span>\n\t\t\t\t<\/div>\n\t\t\t<\/div>\n\t\t\n\t\t\t\t<div class=\"d-flex flex-row-reverse\">\n\t\t\t\t\t<a href=\"https:\/\/gruene-idstein.de\/index.php\/2025\/03\/28\/aktion-stadtradeln-jetzt-mitmachen\/\" rel=\"bookmark\" class=\"continue-reading\">\n\t\t\t\t\tweiterlesen\t\t\t\t<\/a>\n\t\t\t\t<\/div>\n\t\t\t<\/footer><!-- .entry-footer -->\n\t\t<\/div>\n\t<\/div>\n<\/article><!-- #post-1069 -->\n<\/div><div class=\"col-md-6\">\n<article id=\"post-768\" class=\"bg-white mb-4 has-shadow post-768 post type-post status-publish format-standard has-post-thumbnail hentry category-antraege category-mobilitaet\">\n\t<div class=\"\">\n\t\t\t\t\t<div class=\"\">\n\t\t\t\t<a href=\"https:\/\/gruene-idstein.de\/index.php\/2024\/10\/07\/buslinienverkehr-mit-attraktiven-haltestellen-in-idstein\/\" aria-label=\"Post Thumbnail\" rel=\"bookmark\">\n\t\t\t\t\t\t\t\t<img loading=\"lazy\" decoding=\"async\" width=\"768\" height=\"1024\" src=\"https:\/\/gruene-idstein.de\/wp-content\/uploads\/2024\/10\/Buswartehalle-768x1024.jpg\" class=\"post-thumbnail wp-post-image\" alt=\"Buslinienverkehr mit attraktiven Haltestellen in Idstein\" \/>\n\n\t\t\t\t\t\t\t<\/a>\n\t\t\t<\/div>\n\t\t\t\t\t<div class=\"p-45\">\n\t\t\t<header class=\"entry-header mb-2\">\n\t\t\t\t <div class=\"roofline mb-1\">Stadtverordnetenversammlung vom 19.09.2024<\/div>\t\t\t\t<h2 class=\"card-title h4 mb-3\"><a href=\"https:\/\/gruene-idstein.de\/index.php\/2024\/10\/07\/buslinienverkehr-mit-attraktiven-haltestellen-in-idstein\/\" rel=\"bookmark\">Buslinienverkehr mit attraktiven Haltestellen in Idstein<\/a><\/h2>\t\t\t\t\t<div class=\"entry-meta mb-3\">\n\t\t\t\t\t\t<span class=\"posted-on\"><time class=\"entry-date published\" datetime=\"2024-10-07T08:56:34+02:00\">7. Oktober 2024<\/time><time class=\"updated\" datetime=\"2024-10-07T08:57:41+02:00\">7. Oktober 2024<\/time><\/span>\t\t\t\t\t<\/div><!-- .entry-meta -->\n\t\t\t\t\t\t\t\t<\/header><!-- .entry-header -->\n\n\t\t\t<div class=\"entry-content\">\n\t\t\t\t<a href=\"https:\/\/gruene-idstein.de\/index.php\/2024\/10\/07\/buslinienverkehr-mit-attraktiven-haltestellen-in-idstein\/\" rel=\"bookmark\">\n\t\t\t\t<p>\u201eDie Buswartehallen in Idstein befinden sich leider zu einem nicht unerheblichen Teil in miserablem Zustand.\u201c so Timo M\u00fcller, Fraktionsvorsitzender der Gr\u00fcnen in Idstein. \u201eBei einer Besichtigungstour haben wir zahlreiche M\u00e4ngel [&hellip;]<\/p>\n\t\t\t\t<\/a>\n\t\t\t<\/div><!-- .entry-content -->\n\n\t\t\t<footer class=\"entry-footer\">\n\t\t\t\t\t\t\t<div class=\"d-flex mt-2 mb-2\">\n\t\t\t\t\t\t\t\t<div>\n\t\t<span class=\"cat-links small\"><a href=\"https:\/\/gruene-idstein.de\/index.php\/category\/antraege\/\" rel=\"category tag\">Antr\u00e4ge<\/a>, <a href=\"https:\/\/gruene-idstein.de\/index.php\/category\/themen\/mobilitaet\/\" rel=\"category tag\">Mobilit\u00e4t<\/a><\/span>\n\t\t\t\t<\/div>\n\t\t\t<\/div>\n\t\t\n\t\t\t\t<div class=\"d-flex flex-row-reverse\">\n\t\t\t\t\t<a href=\"https:\/\/gruene-idstein.de\/index.php\/2024\/10\/07\/buslinienverkehr-mit-attraktiven-haltestellen-in-idstein\/\" rel=\"bookmark\" class=\"continue-reading\">\n\t\t\t\t\tweiterlesen\t\t\t\t<\/a>\n\t\t\t\t<\/div>\n\t\t\t<\/footer><!-- .entry-footer -->\n\t\t<\/div>\n\t<\/div>\n<\/article><!-- #post-768 -->\n<\/div><div class=\"col-md-6\">\n<article id=\"post-704\" class=\"bg-white mb-4 has-shadow post-704 post type-post status-publish format-standard has-post-thumbnail hentry category-allgemein category-finanzen category-mobilitaet category-stadtentwicklung\">\n\t<div class=\"\">\n\t\t\t\t\t<div class=\"\">\n\t\t\t\t<a href=\"https:\/\/gruene-idstein.de\/index.php\/2024\/06\/25\/erneute-streusalzschaeden-in-millionenhoehe\/\" aria-label=\"Post Thumbnail\" rel=\"bookmark\">\n\t\t\t\t\t\t\t\t<img loading=\"lazy\" decoding=\"async\" width=\"768\" height=\"432\" src=\"https:\/\/gruene-idstein.de\/wp-content\/uploads\/2024\/06\/salzschaden-768x432.jpg\" class=\"post-thumbnail wp-post-image\" alt=\"Erneute Streusalzsch\u00e4den in Millionenh\u00f6he\" \/>\n\n\t\t\t\t\t\t\t<\/a>\n\t\t\t<\/div>\n\t\t\t\t\t<div class=\"p-45\">\n\t\t\t<header class=\"entry-header mb-2\">\n\t\t\t\t <div class=\"roofline mb-1\">Zuviel Salz ist ungesund \u2013 auch f\u00fcr Tiefgaragen<\/div>\t\t\t\t<h2 class=\"card-title h4 mb-3\"><a href=\"https:\/\/gruene-idstein.de\/index.php\/2024\/06\/25\/erneute-streusalzschaeden-in-millionenhoehe\/\" rel=\"bookmark\">Erneute Streusalzsch\u00e4den in Millionenh\u00f6he<\/a><\/h2>\t\t\t\t\t<div class=\"entry-meta mb-3\">\n\t\t\t\t\t\t<span class=\"posted-on\"><time class=\"entry-date published\" datetime=\"2024-06-25T12:28:33+02:00\">25. Juni 2024<\/time><time class=\"updated\" datetime=\"2024-06-26T12:27:17+02:00\">26. Juni 2024<\/time><\/span>\t\t\t\t\t<\/div><!-- .entry-meta -->\n\t\t\t\t\t\t\t\t<\/header><!-- .entry-header -->\n\n\t\t\t<div class=\"entry-content\">\n\t\t\t\t<a href=\"https:\/\/gruene-idstein.de\/index.php\/2024\/06\/25\/erneute-streusalzschaeden-in-millionenhoehe\/\" rel=\"bookmark\">\n\t\t\t\t<p>&#8222;Viele Sch\u00e4den in der Tiefgarage L\u00f6herplatz werden vom \u00fcberm\u00e4\u00dfigen Streusalzeinsatz verursacht&#8220; \u2013 so analysiert die Fraktion B\u00fcndnis90\/Die Gr\u00fcnen Idstein den millionenschweren Sanierungsbedarf, der aktuell in den Aussch\u00fcssen beraten wird. Der [&hellip;]<\/p>\n\t\t\t\t<\/a>\n\t\t\t<\/div><!-- .entry-content -->\n\n\t\t\t<footer class=\"entry-footer\">\n\t\t\t\t\t\t\t<div class=\"d-flex mt-2 mb-2\">\n\t\t\t\t\t\t\t\t<div>\n\t\t<span class=\"cat-links small\"><a href=\"https:\/\/gruene-idstein.de\/index.php\/category\/allgemein\/\" rel=\"category tag\">Allgemein<\/a>, <a href=\"https:\/\/gruene-idstein.de\/index.php\/category\/themen\/finanzen\/\" rel=\"category tag\">Finanzen<\/a>, <a href=\"https:\/\/gruene-idstein.de\/index.php\/category\/themen\/mobilitaet\/\" rel=\"category tag\">Mobilit\u00e4t<\/a>, <a href=\"https:\/\/gruene-idstein.de\/index.php\/category\/themen\/stadtentwicklung\/\" rel=\"category tag\">Stadtentwicklung<\/a><\/span>\n\t\t\t\t<\/div>\n\t\t\t<\/div>\n\t\t\n\t\t\t\t<div class=\"d-flex flex-row-reverse\">\n\t\t\t\t\t<a href=\"https:\/\/gruene-idstein.de\/index.php\/2024\/06\/25\/erneute-streusalzschaeden-in-millionenhoehe\/\" rel=\"bookmark\" class=\"continue-reading\">\n\t\t\t\t\tweiterlesen\t\t\t\t<\/a>\n\t\t\t\t<\/div>\n\t\t\t<\/footer><!-- .entry-footer -->\n\t\t<\/div>\n\t<\/div>\n<\/article><!-- #post-704 -->\n<\/div><div class=\"col-md-6\">\n<article id=\"post-24\" class=\"bg-white mb-4 has-shadow post-24 post type-post status-publish format-standard has-post-thumbnail hentry category-antraege category-mobilitaet category-stadtentwicklung\">\n\t<div class=\"\">\n\t\t\t\t\t<div class=\"\">\n\t\t\t\t<a href=\"https:\/\/gruene-idstein.de\/index.php\/2024\/02\/26\/mehr-platz-zum-flanieren\/\" aria-label=\"Post Thumbnail\" rel=\"bookmark\">\n\t\t\t\t\t\t\t\t<img loading=\"lazy\" decoding=\"async\" width=\"768\" height=\"430\" src=\"https:\/\/gruene-idstein.de\/wp-content\/uploads\/2024\/11\/ryzedigital_pedstrians_walking_though_Idstein_9eedb56e-5775-406b-93ef-8bdcd21aeb59-768x430.jpg\" class=\"post-thumbnail wp-post-image\" alt=\"Mehr Platz zum Flanieren\" \/>\n\n\t\t\t\t\t\t\t<\/a>\n\t\t\t<\/div>\n\t\t\t\t\t<div class=\"p-45\">\n\t\t\t<header class=\"entry-header mb-2\">\n\t\t\t\t\t\t\t\t<h2 class=\"card-title h4 mb-3\"><a href=\"https:\/\/gruene-idstein.de\/index.php\/2024\/02\/26\/mehr-platz-zum-flanieren\/\" rel=\"bookmark\">Mehr Platz zum Flanieren<\/a><\/h2>\t\t\t\t\t<div class=\"entry-meta mb-3\">\n\t\t\t\t\t\t<span class=\"posted-on\"><time class=\"entry-date published\" datetime=\"2024-02-26T13:54:00+01:00\">26. Februar 2024<\/time><time class=\"updated\" datetime=\"2024-11-09T11:15:10+01:00\">9. November 2024<\/time><\/span>\t\t\t\t\t<\/div><!-- .entry-meta -->\n\t\t\t\t\t\t\t\t<\/header><!-- .entry-header -->\n\n\t\t\t<div class=\"entry-content\">\n\t\t\t\t<a href=\"https:\/\/gruene-idstein.de\/index.php\/2024\/02\/26\/mehr-platz-zum-flanieren\/\" rel=\"bookmark\">\n\t\t\t\t<p>Die Idsteiner Fraktion von B\u00fcndnis 90\/Die Gr\u00fcnen hat f\u00fcr die n\u00e4chste Sitzungsrunde der Idsteiner Kommunalpolitik einen Antrag eingebracht, im Rahmen eines Verkehrsversuchs einen Teil der Schulze-Delitzsch-Stra\u00dfe vom Autoverkehr zu befreien. [&hellip;]<\/p>\n\t\t\t\t<\/a>\n\t\t\t<\/div><!-- .entry-content -->\n\n\t\t\t<footer class=\"entry-footer\">\n\t\t\t\t\t\t\t<div class=\"d-flex mt-2 mb-2\">\n\t\t\t\t\t\t\t\t<div>\n\t\t<span class=\"cat-links small\"><a href=\"https:\/\/gruene-idstein.de\/index.php\/category\/antraege\/\" rel=\"category tag\">Antr\u00e4ge<\/a>, <a href=\"https:\/\/gruene-idstein.de\/index.php\/category\/themen\/mobilitaet\/\" rel=\"category tag\">Mobilit\u00e4t<\/a>, <a href=\"https:\/\/gruene-idstein.de\/index.php\/category\/themen\/stadtentwicklung\/\" rel=\"category tag\">Stadtentwicklung<\/a><\/span>\n\t\t\t\t<\/div>\n\t\t\t<\/div>\n\t\t\n\t\t\t\t<div class=\"d-flex flex-row-reverse\">\n\t\t\t\t\t<a href=\"https:\/\/gruene-idstein.de\/index.php\/2024\/02\/26\/mehr-platz-zum-flanieren\/\" rel=\"bookmark\" class=\"continue-reading\">\n\t\t\t\t\tweiterlesen\t\t\t\t<\/a>\n\t\t\t\t<\/div>\n\t\t\t<\/footer><!-- .entry-footer -->\n\t\t<\/div>\n\t<\/div>\n<\/article><!-- #post-24 -->\n<\/div>\n    <a class=\"text-white no-link d-block bg-primary has-green-550-hover-background-color border-radius\" href=\"https:\/\/gruene-idstein.de\/index.php\/category\/themen\/mobilitaet\/\" rel=\"\">\n        <div class=\"p-45 row\">\n        <span class=\"continue-reading text-white text-center pt-0\">zum Blog-Archiv<\/span>\n        <\/div>\n    <\/a>\n<\/div><\/div><\/div>","protected":false},"excerpt":{"rendered":"<p>Mit dem richtigen Mix vorankommen Im Zentrum gr\u00fcner Verkehrspolitik steht die St\u00e4rkung umwelt- und klimaschonender Mobilit\u00e4t, also des Umweltverbundes aus Fu\u00df- und Radverkehr sowie Bussen und Bahnen. Bereits jetzt ist [&hellip;]<\/p>\n","protected":false},"author":1,"featured_media":0,"parent":0,"menu_order":0,"comment_status":"closed","ping_status":"closed","template":"","meta":{"iawp_total_views":65,"footnotes":""},"class_list":["post-564","page","type-page","status-publish","hentry"],"_links":{"self":[{"href":"https:\/\/gruene-idstein.de\/index.php\/wp-json\/wp\/v2\/pages\/564","targetHints":{"allow":["GET"]}}],"collection":[{"href":"https:\/\/gruene-idstein.de\/index.php\/wp-json\/wp\/v2\/pages"}],"about":[{"href":"https:\/\/gruene-idstein.de\/index.php\/wp-json\/wp\/v2\/types\/page"}],"author":[{"embeddable":true,"href":"https:\/\/gruene-idstein.de\/index.php\/wp-json\/wp\/v2\/users\/1"}],"replies":[{"embeddable":true,"href":"https:\/\/gruene-idstein.de\/index.php\/wp-json\/wp\/v2\/comments?post=564"}],"version-history":[{"count":4,"href":"https:\/\/gruene-idstein.de\/index.php\/wp-json\/wp\/v2\/pages\/564\/revisions"}],"predecessor-version":[{"id":1393,"href":"https:\/\/gruene-idstein.de\/index.php\/wp-json\/wp\/v2\/pages\/564\/revisions\/1393"}],"wp:attachment":[{"href":"https:\/\/gruene-idstein.de\/index.php\/wp-json\/wp\/v2\/media?parent=564"}],"curies":[{"name":"wp","href":"https:\/\/api.w.org\/{rel}","templated":true}]}}